{"id":1203,"date":"2025-09-15T12:45:56","date_gmt":"2025-09-15T10:45:56","guid":{"rendered":"https:\/\/www.agrft.uni-lj.si\/festival\/?post_type=tribe_events&#038;p=1203"},"modified":"2025-09-26T12:32:37","modified_gmt":"2025-09-26T10:32:37","slug":"opraviti-z-eddyjem","status":"publish","type":"tribe_events","link":"https:\/\/www.agrft.uni-lj.si\/festival\/dogodek\/opraviti-z-eddyjem\/","title":{"rendered":"Opraviti z Eddyjem"},"content":{"rendered":"<p><span style=\"font-weight: 400\">Avtorski projekt po motivih \u00c9douarda Louisa<\/span><\/p>\n<p><strong><i>Opraviti z Eddyjem<\/i><\/strong><\/p>\n<p><span style=\"font-weight: 400\">Produkcija V. semestra DI, GLR, DSU<\/span><\/p>\n<p><i><span style=\"font-weight: 400\">Opraviti z Eddyjem <\/span><\/i><span style=\"font-weight: 400\">je avtorski projekt po delih francoskega pisatelja \u00c9douarda Louisa. Skozi svoj avtobiografski opus Louis prek lastne izku\u0161nje razkriva razredne neenakosti sodobne Francije. Produkcija 3. letnikov DI, DSU in GLR na oder pretaka pisateljevo izku\u0161njo odra\u0161\u010danja v delavski vasici na severu Francije, njegovi razredni tranziciji ter i\u0161\u010de sti\u010dne to\u010dke z raznolikimi izku\u0161njami \u0161tudentk_ov ljubljanske AGRFT.<\/span><\/p>\n<p><span style=\"font-weight: 400\">Re\u017eija<\/span><\/p>\n<p><span style=\"font-weight: 400\">JULIJA URBAN<\/span><\/p>\n<p>&nbsp;<\/p>\n<p><span style=\"font-weight: 400\">Dramaturgija<\/span><\/p>\n<p><span style=\"font-weight: 400\">NASTJA UR\u0160ULA VIRK<\/span><\/p>\n<p>&nbsp;<\/p>\n<p><span style=\"font-weight: 400\">Igra<\/span><\/p>\n<p><span style=\"font-weight: 400\">ALEKSANDAR JOVANOVSKI<\/span><\/p>\n<p><span style=\"font-weight: 400\">\u010cARNA LAMPRET<\/span><\/p>\n<p><span style=\"font-weight: 400\">JAKOB PODJAVOR\u0160EK<\/span><\/p>\n<p><span style=\"font-weight: 400\">MARKO RAFOLT<\/span><\/p>\n<p><span style=\"font-weight: 400\">NEJC KRAVOS<\/span><\/p>\n<p><span style=\"font-weight: 400\">NE\u017dA DVOR\u0160\u010cAK<\/span><\/p>\n<p><span style=\"font-weight: 400\">PETER PODGOR\u0160EK<\/span><\/p>\n<p><span style=\"font-weight: 400\">JURE \u0160IMONKA<\/span><\/p>\n<p><span style=\"font-weight: 400\">URBAN BREN\u010cI\u010c<\/span><\/p>\n<p><span style=\"font-weight: 400\">ALJA KRHIN K.G.<\/span><\/p>\n<p>&nbsp;<\/p>\n<p><span style=\"font-weight: 400\">Prevod<\/span><\/p>\n<p><span style=\"font-weight: 400\">ANDREJ PERIC<\/span><\/p>\n<p><span style=\"font-weight: 400\">IZTOK ILC<\/span><\/p>\n<p>&nbsp;<\/p>\n<p><span style=\"font-weight: 400\">Kostumografija<\/span><\/p>\n<p><span style=\"font-weight: 400\">NINA GORI\u0160EK<\/span><\/p>\n<p>&nbsp;<\/p>\n<p><span style=\"font-weight: 400\">Scenografija<\/span><\/p>\n<p><span style=\"font-weight: 400\">GAJA REJC<\/span><\/p>\n<p><span style=\"font-weight: 400\">LUCIJA ZUCCHIATI\u00a0<\/span><\/p>\n<p><span style=\"font-weight: 400\">TINKARA BIZJAN<\/span><\/p>\n<p>&nbsp;<\/p>\n<p><span style=\"font-weight: 400\">Oblikovanje svetlobe<\/span><\/p>\n<p><span style=\"font-weight: 400\">DOMEN LU\u0160IN<\/span><\/p>\n<p>&nbsp;<\/p>\n<p><span style=\"font-weight: 400\">Producentka<\/span><\/p>\n<p><span style=\"font-weight: 400\">DOC. MIJA \u0160PILER<\/span><\/p>\n<p>&nbsp;<\/p>\n<p><span style=\"font-weight: 400\">Mentorji in mentorice:<\/span><\/p>\n<p><i><span style=\"font-weight: 400\">za dramsko igro in gledali\u0161ko re\u017eijo\u00a0<\/span><\/i><\/p>\n<p><span style=\"font-weight: 400\">DOC. BRANKO JORDAN<\/span><\/p>\n<p><span style=\"font-weight: 400\">PROF. JERNEJ LORENCI<\/span><\/p>\n<p>&nbsp;<\/p>\n<p><i><span style=\"font-weight: 400\">za scenografijo<\/span><\/i><\/p>\n<p><span style=\"font-weight: 400\">PROF. MAG. JASNA VASTL<\/span><\/p>\n<p><span style=\"font-weight: 400\">ASIST. SARA SLIVNIK<\/span><\/p>\n<p>&nbsp;<\/p>\n<p><i><span style=\"font-weight: 400\">za jezik in govor<\/span><\/i><\/p>\n<p><span style=\"font-weight: 400\">ASIST. MARTIN VRTA\u010cNIK<\/span><\/p>\n<p>&nbsp;<\/p>\n<p><i><span style=\"font-weight: 400\">za kostumografijo<\/span><\/i><\/p>\n<p><span style=\"font-weight: 400\">DOC. MAG. TINA KOLENIK<\/span><\/p>\n<p><span style=\"font-weight: 400\">ASIST. NINA \u010cEHOVIN<\/span><\/p>\n<p>&nbsp;<\/p>\n<p><i><span style=\"font-weight: 400\">za dramaturgijo<\/span><\/i><\/p>\n<p><span style=\"font-weight: 400\">PROF. DR. TOMA\u017d TOPORI\u0160I\u010c<\/span><\/p>\n<p>&nbsp;<\/p>\n<p><span style=\"font-weight: 400\">Produkcija\u00a0<\/span><\/p>\n<p><span style=\"font-weight: 400\">UL AGRFT<\/span><\/p>\n<p><br style=\"font-weight: 400\" \/><strong>Ob rezervaciji vstopnic lahko pride do te\u017eav s po\u0161iljanjem le-teh preko elektronske po\u0161te naslovom v gmail domeni. \u010ce je mo\u017eno Vas prosimo, da ob rezervacioji navedete elektronski naslov v drugi domeni. \u010ce vstopnic ne prejmete na elektronski naslov in ste rezervacijo dokon\u010dali, je ta veljavna in vstopnice so shranjene.\u00a0<\/strong><\/p>\n","protected":false},"excerpt":{"rendered":"<p>Avtorski projekt po motivih \u00c9douarda Louisa Opraviti z Eddyjem Produkcija V. semestra DI, GLR, DSU Opraviti z Eddyjem je avtorski projekt po delih francoskega pisatelja \u00c9douarda Louisa. Skozi svoj avtobiografski [&hellip;]<\/p>\n","protected":false},"author":17,"featured_media":0,"template":"","meta":{"_EventAllDay":false,"_EventTimezone":"Europe\/Ljubljana","_EventStartDate":"2025-10-04 19:00:00","_EventEndDate":"2025-10-04 20:30:00","_EventStartDateUTC":"2025-10-04 17:00:00","_EventEndDateUTC":"2025-10-04 18:30:00","_EventShowMap":false,"_EventShowMapLink":true,"_EventURL":"","_EventCost":"0","_EventCostDescription":"","_EventCurrencySymbol":"","_EventCurrencyCode":"","_EventCurrencyPosition":"","_EventDateTimeSeparator":"","_EventTimeRangeSeparator":"","_EventOrganizerID":[74],"_EventVenueID":[1204],"_OrganizerEmail":"","_OrganizerPhone":"","_OrganizerWebsite":"","_VenueAddress":"","_VenueCity":"","_VenueCountry":"","_VenueProvince":"","_VenueState":"","_VenueZip":"","_VenuePhone":"","_VenueURL":"","_VenueStateProvince":"","_VenueLat":"","_VenueLng":"","_VenueShowMap":false,"_VenueShowMapLink":false,"_price":"","_stock":"","_tribe_ticket_header":"","_tribe_default_ticket_provider":"TEC\\Tickets\\Commerce\\Module","_tribe_ticket_capacity":"0","_ticket_start_date":"","_ticket_end_date":"","_tribe_ticket_show_description":"","_tribe_ticket_show_not_going":false,"_tribe_ticket_use_global_stock":"","_tribe_ticket_global_stock_level":"","_global_stock_mode":"","_global_stock_cap":"","_tribe_rsvp_for_event":"","_tribe_ticket_going_count":"","_tribe_ticket_not_going_count":"","_tribe_tickets_list":"[{\"id\":1409,\"type\":\"default\",\"title\":\"Opraviti z Eddyjem\",\"description\":\"\",\"capacityType\":\"own\",\"price\":\"0\",\"capacity\":50,\"available\":0,\"sharedCapacity\":50,\"sold\":50,\"shareSold\":50,\"isShared\":false,\"currencyDecimalPoint\":\".\",\"currencyNumberOfDecimals\":2,\"currencyPosition\":\"prefix\",\"currencySymbol\":\"$\",\"currencyThousandsSep\":\",\"}]","_tribe_ticket_has_attendee_info_fields":false,"cybocfi_hide_featured_image":"","_tribe_events_status":"","_tribe_events_status_reason":"","footnotes":"","_tec_slr_enabled":"","_tec_slr_layout":"","_links_to":"","_links_to_target":""},"tags":[],"tribe_events_cat":[14],"class_list":["post-1203","tribe_events","type-tribe_events","status-publish","hentry","tribe_events_cat-gledalisce","cat_gledalisce"],"ticketed":["tc"],"_links":{"self":[{"href":"https:\/\/www.agrft.uni-lj.si\/festival\/wp-json\/wp\/v2\/tribe_events\/1203","targetHints":{"allow":["GET"]}}],"collection":[{"href":"https:\/\/www.agrft.uni-lj.si\/festival\/wp-json\/wp\/v2\/tribe_events"}],"about":[{"href":"https:\/\/www.agrft.uni-lj.si\/festival\/wp-json\/wp\/v2\/types\/tribe_events"}],"author":[{"embeddable":true,"href":"https:\/\/www.agrft.uni-lj.si\/festival\/wp-json\/wp\/v2\/users\/17"}],"version-history":[{"count":3,"href":"https:\/\/www.agrft.uni-lj.si\/festival\/wp-json\/wp\/v2\/tribe_events\/1203\/revisions"}],"predecessor-version":[{"id":2750,"href":"https:\/\/www.agrft.uni-lj.si\/festival\/wp-json\/wp\/v2\/tribe_events\/1203\/revisions\/2750"}],"wp:attachment":[{"href":"https:\/\/www.agrft.uni-lj.si\/festival\/wp-json\/wp\/v2\/media?parent=1203"}],"wp:term":[{"taxonomy":"post_tag","embeddable":true,"href":"https:\/\/www.agrft.uni-lj.si\/festival\/wp-json\/wp\/v2\/tags?post=1203"},{"taxonomy":"tribe_events_cat","embeddable":true,"href":"https:\/\/www.agrft.uni-lj.si\/festival\/wp-json\/wp\/v2\/tribe_events_cat?post=1203"}],"curies":[{"name":"wp","href":"https:\/\/api.w.org\/{rel}","templated":true}]}}