{"id":1321,"date":"2025-09-16T11:46:39","date_gmt":"2025-09-16T09:46:39","guid":{"rendered":"https:\/\/www.agrft.uni-lj.si\/festival\/?post_type=tribe_events&#038;p=1321"},"modified":"2025-10-03T15:06:39","modified_gmt":"2025-10-03T13:06:39","slug":"studijski-filmi-iz-cetinja","status":"publish","type":"tribe_events","link":"https:\/\/www.agrft.uni-lj.si\/festival\/dogodek\/studijski-filmi-iz-cetinja\/","title":{"rendered":"\u0160tudijski filmi s Cetinja"},"content":{"rendered":"<p><i><span style=\"font-weight: 400\">Univerzitet Crne Gore, Fakultet dramskih umjetnosti<\/span><\/i><\/p>\n<p>&nbsp;<\/p>\n<p><b>Dr\u017eava izvora:<\/b><span style=\"font-weight: 400\"> \u010crna gora<\/span><\/p>\n<p><b>Trajanje:<\/b><span style=\"font-weight: 400\"> 91 min<\/span><\/p>\n<p><b>Jezik: <\/b><span style=\"font-weight: 400\">\u010drnogor\u0161\u010dina in srb\u0161\u010dina<\/span><\/p>\n<p>&nbsp;<\/p>\n<p><span style=\"font-weight: 400\">Program prina\u0161a izpitne igrane filme \u0161tudentk in \u0161tudentov drugega in tretjega letnika, ki z raznolikimi avtorskimi pristopi raziskujejo odnose, identiteto in krhke notranje svetove. V ospredju so intimne pripovedi o bli\u017eini, odtujenosti in potrebi po pripadnosti v \u010dasu nenehnih premikov.<\/span><\/p>\n<p>&nbsp;<\/p>\n<p><b>ZAKLONI\u0160\u010cE \/ SKLONI\u0160TE<\/b><\/p>\n<p><b>2024, 14 min, igrani<\/b><\/p>\n<p><span style=\"font-weight: 400\">Po apokalipsi Vidoje \u017ee leta pre\u017eivlja dneve v podzemnem zakloni\u0161\u010du z o\u010detom in mlaj\u0161im bratom. Obseden je z iskanjem radijskega signala \u2013 upanjem, ki ga njegova dru\u017eina ne deli. Ko v kopalnici zagleda hro\u0161\u010da, drobno bitje postane simbol ne\u010desa ve\u010djega: morebitne vrnitve \u017eivljenja.<\/span><\/p>\n<p>&nbsp;<\/p>\n<p><span style=\"font-weight: 400\">Re\u017eiser: Jak\u0161a Mini\u0107<\/span><\/p>\n<p><span style=\"font-weight: 400\">Direktor fotografije: Enis Mulaosmanovi\u0107<\/span><\/p>\n<p><span style=\"font-weight: 400\">Monta\u017eer: Du\u0161an Vulekovi\u0107<\/span><\/p>\n<p><img loading=\"lazy\" decoding=\"async\" class=\"alignnone size-medium wp-image-1516\" src=\"https:\/\/www.agrft.uni-lj.si\/festival\/wp-content\/uploads\/sites\/4\/2025\/09\/Zaklonisce_FDU-Cetinje-300x169.png\" alt=\"\" width=\"300\" height=\"169\" srcset=\"https:\/\/www.agrft.uni-lj.si\/festival\/wp-content\/uploads\/sites\/4\/2025\/09\/Zaklonisce_FDU-Cetinje-300x169.png 300w, https:\/\/www.agrft.uni-lj.si\/festival\/wp-content\/uploads\/sites\/4\/2025\/09\/Zaklonisce_FDU-Cetinje-1024x576.png 1024w, https:\/\/www.agrft.uni-lj.si\/festival\/wp-content\/uploads\/sites\/4\/2025\/09\/Zaklonisce_FDU-Cetinje-768x432.png 768w, https:\/\/www.agrft.uni-lj.si\/festival\/wp-content\/uploads\/sites\/4\/2025\/09\/Zaklonisce_FDU-Cetinje-1536x864.png 1536w, https:\/\/www.agrft.uni-lj.si\/festival\/wp-content\/uploads\/sites\/4\/2025\/09\/Zaklonisce_FDU-Cetinje-500x281.png 500w, https:\/\/www.agrft.uni-lj.si\/festival\/wp-content\/uploads\/sites\/4\/2025\/09\/Zaklonisce_FDU-Cetinje-800x450.png 800w, https:\/\/www.agrft.uni-lj.si\/festival\/wp-content\/uploads\/sites\/4\/2025\/09\/Zaklonisce_FDU-Cetinje-1280x720.png 1280w, https:\/\/www.agrft.uni-lj.si\/festival\/wp-content\/uploads\/sites\/4\/2025\/09\/Zaklonisce_FDU-Cetinje.png 1920w\" sizes=\"auto, (max-width: 300px) 100vw, 300px\" \/><\/p>\n<p><b>O\u010cE POMENI ATI, KAJNE? \/ OTAC ZNA\u010cI TATA, ZAR NE?<\/b><\/p>\n<p><b>2025, 13 min, igrani<\/b><\/p>\n<p><span style=\"font-weight: 400\">Ko se Janja po letih odtujenosti odpravi na vikend k o\u010detu Mormirju, se v po\u010dasnem pribli\u017eevanju razkrije, da ljubezen ni le stvar \u010dustev, temve\u010d tudi poguma, da odpremo srce drugemu in znova vzpostavimo stik.<\/span><\/p>\n<p>&nbsp;<\/p>\n<p><span style=\"font-weight: 400\">Re\u017eiserka: Anja Ke\u010dalovi\u0107<\/span><\/p>\n<p><span style=\"font-weight: 400\">Direktor fotografije: Nemanja Dabanovi\u0107<\/span><\/p>\n<p><span style=\"font-weight: 400\">Monta\u017eerja: Anja Ke\u010dalovi\u0107, Stefan Radovi\u0107<\/span><\/p>\n<p><img loading=\"lazy\" decoding=\"async\" class=\"alignnone size-medium wp-image-1518\" src=\"https:\/\/www.agrft.uni-lj.si\/festival\/wp-content\/uploads\/sites\/4\/2025\/09\/Oce-pomeni-ati-kajne__FDU-Cetinje-300x138.png\" alt=\"\" width=\"300\" height=\"138\" srcset=\"https:\/\/www.agrft.uni-lj.si\/festival\/wp-content\/uploads\/sites\/4\/2025\/09\/Oce-pomeni-ati-kajne__FDU-Cetinje-300x138.png 300w, https:\/\/www.agrft.uni-lj.si\/festival\/wp-content\/uploads\/sites\/4\/2025\/09\/Oce-pomeni-ati-kajne__FDU-Cetinje-1024x472.png 1024w, https:\/\/www.agrft.uni-lj.si\/festival\/wp-content\/uploads\/sites\/4\/2025\/09\/Oce-pomeni-ati-kajne__FDU-Cetinje-768x354.png 768w, https:\/\/www.agrft.uni-lj.si\/festival\/wp-content\/uploads\/sites\/4\/2025\/09\/Oce-pomeni-ati-kajne__FDU-Cetinje-1536x709.png 1536w, https:\/\/www.agrft.uni-lj.si\/festival\/wp-content\/uploads\/sites\/4\/2025\/09\/Oce-pomeni-ati-kajne__FDU-Cetinje-2048x945.png 2048w, https:\/\/www.agrft.uni-lj.si\/festival\/wp-content\/uploads\/sites\/4\/2025\/09\/Oce-pomeni-ati-kajne__FDU-Cetinje-500x231.png 500w, https:\/\/www.agrft.uni-lj.si\/festival\/wp-content\/uploads\/sites\/4\/2025\/09\/Oce-pomeni-ati-kajne__FDU-Cetinje-800x369.png 800w, https:\/\/www.agrft.uni-lj.si\/festival\/wp-content\/uploads\/sites\/4\/2025\/09\/Oce-pomeni-ati-kajne__FDU-Cetinje-1280x590.png 1280w, https:\/\/www.agrft.uni-lj.si\/festival\/wp-content\/uploads\/sites\/4\/2025\/09\/Oce-pomeni-ati-kajne__FDU-Cetinje-1920x886.png 1920w\" sizes=\"auto, (max-width: 300px) 100vw, 300px\" \/><\/p>\n<p><b>\u0160EPET, KI GA SLI\u0160IM \/ \u0160APAT KOJI \u010cUJEM<\/b><\/p>\n<p><b>2024, 13 min, dokumentarni<\/b><\/p>\n<p><span style=\"font-weight: 400\">V hi\u0161i pod hribom \u017eivi Slavka, ki zimo pre\u017eivlja z materjo Milu\u0161o, za katero skrbi. Proti nespe\u010dnosti se bori s hi\u0161nimi opravili. Ti\u0161ina jo utruja. V nekdanji mo\u017eevi delavnici med prahom, drvmi in premogom v\u010dasih za\u017eene stroj \u2013 da ga vsaj sli\u0161i. No\u010di so kratke, dnevi pa dolgi in brez konca.<\/span><\/p>\n<p>&nbsp;<\/p>\n<p><span style=\"font-weight: 400\">Re\u017eiser, scenarist, direktor fotografije in monta\u017eer: Aleksa Buji\u0161i\u0107<\/span><\/p>\n<p><img loading=\"lazy\" decoding=\"async\" class=\"alignnone size-medium wp-image-1521\" src=\"https:\/\/www.agrft.uni-lj.si\/festival\/wp-content\/uploads\/sites\/4\/2025\/09\/Sepet-ki-ga-slisim_FDU-Cetinje-300x169.png\" alt=\"\" width=\"300\" height=\"169\" srcset=\"https:\/\/www.agrft.uni-lj.si\/festival\/wp-content\/uploads\/sites\/4\/2025\/09\/Sepet-ki-ga-slisim_FDU-Cetinje-300x169.png 300w, https:\/\/www.agrft.uni-lj.si\/festival\/wp-content\/uploads\/sites\/4\/2025\/09\/Sepet-ki-ga-slisim_FDU-Cetinje-1024x576.png 1024w, https:\/\/www.agrft.uni-lj.si\/festival\/wp-content\/uploads\/sites\/4\/2025\/09\/Sepet-ki-ga-slisim_FDU-Cetinje-768x432.png 768w, https:\/\/www.agrft.uni-lj.si\/festival\/wp-content\/uploads\/sites\/4\/2025\/09\/Sepet-ki-ga-slisim_FDU-Cetinje-1536x864.png 1536w, https:\/\/www.agrft.uni-lj.si\/festival\/wp-content\/uploads\/sites\/4\/2025\/09\/Sepet-ki-ga-slisim_FDU-Cetinje-2048x1152.png 2048w, https:\/\/www.agrft.uni-lj.si\/festival\/wp-content\/uploads\/sites\/4\/2025\/09\/Sepet-ki-ga-slisim_FDU-Cetinje-500x281.png 500w, https:\/\/www.agrft.uni-lj.si\/festival\/wp-content\/uploads\/sites\/4\/2025\/09\/Sepet-ki-ga-slisim_FDU-Cetinje-800x450.png 800w, https:\/\/www.agrft.uni-lj.si\/festival\/wp-content\/uploads\/sites\/4\/2025\/09\/Sepet-ki-ga-slisim_FDU-Cetinje-1280x720.png 1280w, https:\/\/www.agrft.uni-lj.si\/festival\/wp-content\/uploads\/sites\/4\/2025\/09\/Sepet-ki-ga-slisim_FDU-Cetinje-1920x1080.png 1920w\" sizes=\"auto, (max-width: 300px) 100vw, 300px\" \/><\/p>\n<p><b>RUMENI \/ \u017dUTI<\/b><\/p>\n<p><b>2023, 15 min, igrani<\/b><\/p>\n<p><span style=\"font-weight: 400\">Ko\u010da, osamljen dostavljavec hrane in slikar, se ob nenapovedani dostavi \u0161opka za rojstni dan umetnostne u\u010diteljice Sare \u2013 svoje prve ljubezni \u2013 nenadoma soo\u010di z mislijo, da se \u017eivljenje ne kon\u010da pri tridesetih. Sprememba je \u0161e vedno mogo\u010da.<\/span><\/p>\n<p>&nbsp;<\/p>\n<p><span style=\"font-weight: 400\">Re\u017eiserka: Itana Vukosavljevi\u0107<\/span><\/p>\n<p><span style=\"font-weight: 400\">Direktor fotografije: Mihailo Baland\u017ei\u0107<\/span><\/p>\n<p><span style=\"font-weight: 400\">Monta\u017eer: Luka \u017divkovi\u0107<\/span><\/p>\n<p><img loading=\"lazy\" decoding=\"async\" class=\"alignnone size-medium wp-image-1520\" src=\"https:\/\/www.agrft.uni-lj.si\/festival\/wp-content\/uploads\/sites\/4\/2025\/09\/Rumeni_FDU-Cetinje-1-300x195.jpg\" alt=\"\" width=\"300\" height=\"195\" srcset=\"https:\/\/www.agrft.uni-lj.si\/festival\/wp-content\/uploads\/sites\/4\/2025\/09\/Rumeni_FDU-Cetinje-1-300x195.jpg 300w, https:\/\/www.agrft.uni-lj.si\/festival\/wp-content\/uploads\/sites\/4\/2025\/09\/Rumeni_FDU-Cetinje-1-500x325.jpg 500w, https:\/\/www.agrft.uni-lj.si\/festival\/wp-content\/uploads\/sites\/4\/2025\/09\/Rumeni_FDU-Cetinje-1.jpg 640w\" sizes=\"auto, (max-width: 300px) 100vw, 300px\" \/><\/p>\n<p><b>TYPING \u2026\u00a0<\/b><\/p>\n<p><b>2025, 14 min, igrani<\/b><\/p>\n<p><span style=\"font-weight: 400\">Socialno anksiozna \u0161tudentka Tamara se po be\u017enem sre\u010danju zaljubi v Nikolov Instagram profil. Pod vodstvom svojega drznega alter ega, Detektivke, se potopi v digitalni svet v\u0161e\u010dkov, zgodb in shranjenih objav, kjer se meja med resni\u010dnim in domi\u0161ljijskim vse bolj bri\u0161e.<\/span><\/p>\n<p>&nbsp;<\/p>\n<p><span style=\"font-weight: 400\">Re\u017eiserka: Ka\u0107a \u017dari\u0107<\/span><\/p>\n<p><span style=\"font-weight: 400\">Direktor fotografije: Ivan \u010cojba\u0161i\u0107<\/span><\/p>\n<p><span style=\"font-weight: 400\">Monta\u017eerja: Ka\u0107a \u017dari\u0107 in Stefan Radovi\u0107<\/span><\/p>\n<p><img loading=\"lazy\" decoding=\"async\" class=\"alignnone size-medium wp-image-1525\" src=\"https:\/\/www.agrft.uni-lj.si\/festival\/wp-content\/uploads\/sites\/4\/2025\/09\/Typing_FDU-Cetinje-300x135.png\" alt=\"\" width=\"300\" height=\"135\" srcset=\"https:\/\/www.agrft.uni-lj.si\/festival\/wp-content\/uploads\/sites\/4\/2025\/09\/Typing_FDU-Cetinje-300x135.png 300w, https:\/\/www.agrft.uni-lj.si\/festival\/wp-content\/uploads\/sites\/4\/2025\/09\/Typing_FDU-Cetinje-1024x462.png 1024w, https:\/\/www.agrft.uni-lj.si\/festival\/wp-content\/uploads\/sites\/4\/2025\/09\/Typing_FDU-Cetinje-768x347.png 768w, https:\/\/www.agrft.uni-lj.si\/festival\/wp-content\/uploads\/sites\/4\/2025\/09\/Typing_FDU-Cetinje-1536x693.png 1536w, https:\/\/www.agrft.uni-lj.si\/festival\/wp-content\/uploads\/sites\/4\/2025\/09\/Typing_FDU-Cetinje-500x226.png 500w, https:\/\/www.agrft.uni-lj.si\/festival\/wp-content\/uploads\/sites\/4\/2025\/09\/Typing_FDU-Cetinje-800x361.png 800w, https:\/\/www.agrft.uni-lj.si\/festival\/wp-content\/uploads\/sites\/4\/2025\/09\/Typing_FDU-Cetinje-1280x578.png 1280w, https:\/\/www.agrft.uni-lj.si\/festival\/wp-content\/uploads\/sites\/4\/2025\/09\/Typing_FDU-Cetinje.png 1844w\" sizes=\"auto, (max-width: 300px) 100vw, 300px\" \/><\/p>\n<p><b>KO SE PRIJATELJI RAZIDEJO \/ KAD SE PRIJATELJI RASTAJU\u00a0<\/b><\/p>\n<p><b>2025, 22 min, igrani<\/b><\/p>\n<p><span style=\"font-weight: 400\">Dan pred 25. rojstnim dnem Viktor z najbolj\u0161im prijateljem D\u017eimijem pre\u017eivlja no\u010d, ki razkrije dolgo potla\u010dene spomine in \u017eelje. Med igro, zabavo in alkoholom se meja med prijateljstvom in ne\u010dim ve\u010d za\u010dne nevarno premikati \u2013 in jutro prinese resni\u010dnost, ki je ni lahko sprejeti.<\/span><\/p>\n<p>&nbsp;<\/p>\n<p><span style=\"font-weight: 400\">Re\u017eiser: Krsto Giljen\u00a0<\/span><\/p>\n<p><span style=\"font-weight: 400\">Direktor fotografije in monta\u017eer: Dmitri Ledmi<\/span><\/p>\n<p><img loading=\"lazy\" decoding=\"async\" class=\"alignnone size-medium wp-image-1519\" src=\"https:\/\/www.agrft.uni-lj.si\/festival\/wp-content\/uploads\/sites\/4\/2025\/09\/Ko-se-prijatelji-razidejo_FDU-Cetinje-1-300x130.png\" alt=\"\" width=\"300\" height=\"130\" srcset=\"https:\/\/www.agrft.uni-lj.si\/festival\/wp-content\/uploads\/sites\/4\/2025\/09\/Ko-se-prijatelji-razidejo_FDU-Cetinje-1-300x130.png 300w, https:\/\/www.agrft.uni-lj.si\/festival\/wp-content\/uploads\/sites\/4\/2025\/09\/Ko-se-prijatelji-razidejo_FDU-Cetinje-1-1024x445.png 1024w, https:\/\/www.agrft.uni-lj.si\/festival\/wp-content\/uploads\/sites\/4\/2025\/09\/Ko-se-prijatelji-razidejo_FDU-Cetinje-1-768x334.png 768w, https:\/\/www.agrft.uni-lj.si\/festival\/wp-content\/uploads\/sites\/4\/2025\/09\/Ko-se-prijatelji-razidejo_FDU-Cetinje-1-1536x668.png 1536w, https:\/\/www.agrft.uni-lj.si\/festival\/wp-content\/uploads\/sites\/4\/2025\/09\/Ko-se-prijatelji-razidejo_FDU-Cetinje-1-500x217.png 500w, https:\/\/www.agrft.uni-lj.si\/festival\/wp-content\/uploads\/sites\/4\/2025\/09\/Ko-se-prijatelji-razidejo_FDU-Cetinje-1-800x348.png 800w, https:\/\/www.agrft.uni-lj.si\/festival\/wp-content\/uploads\/sites\/4\/2025\/09\/Ko-se-prijatelji-razidejo_FDU-Cetinje-1-1280x557.png 1280w, https:\/\/www.agrft.uni-lj.si\/festival\/wp-content\/uploads\/sites\/4\/2025\/09\/Ko-se-prijatelji-razidejo_FDU-Cetinje-1.png 1920w\" sizes=\"auto, (max-width: 300px) 100vw, 300px\" \/><br style=\"font-weight: 400\" \/><br style=\"font-weight: 400\" \/><br style=\"font-weight: 400\" \/><\/p>\n<p>&nbsp;<\/p>\n<p><strong>Ob rezervaciji vstopnic lahko pride do te\u017eav s po\u0161iljanjem le-teh preko elektronske po\u0161te naslovom v gmail domeni. \u010ce je mo\u017eno Vas prosimo, da ob rezervacioji navedete elektronski naslov v drugi domeni. \u010ce vstopnic ne prejmete na elektronski naslov in ste rezervacijo dokon\u010dali, je ta veljavna in vstopnice so shranjene.\u00a0<\/strong><\/p>\n","protected":false},"excerpt":{"rendered":"<p>Univerzitet Crne Gore, Fakultet dramskih umjetnosti &nbsp; Dr\u017eava izvora: \u010crna gora Trajanje: 91 min Jezik: \u010drnogor\u0161\u010dina in srb\u0161\u010dina &nbsp; Program prina\u0161a izpitne igrane filme \u0161tudentk in \u0161tudentov drugega in tretjega [&hellip;]<\/p>\n","protected":false},"author":17,"featured_media":0,"template":"","meta":{"_EventAllDay":false,"_EventTimezone":"Europe\/Ljubljana","_EventStartDate":"2025-10-03 16:30:00","_EventEndDate":"2025-10-03 18:00:00","_EventStartDateUTC":"2025-10-03 14:30:00","_EventEndDateUTC":"2025-10-03 16:00:00","_EventShowMap":false,"_EventShowMapLink":true,"_EventURL":"","_EventCost":"0","_EventCostDescription":"","_EventCurrencySymbol":"","_EventCurrencyCode":"","_EventCurrencyPosition":"","_EventDateTimeSeparator":"","_EventTimeRangeSeparator":"","_EventOrganizerID":[74],"_EventVenueID":[1212],"_OrganizerEmail":"","_OrganizerPhone":"","_OrganizerWebsite":"","_VenueAddress":"","_VenueCity":"","_VenueCountry":"","_VenueProvince":"","_VenueState":"","_VenueZip":"","_VenuePhone":"","_VenueURL":"","_VenueStateProvince":"","_VenueLat":"","_VenueLng":"","_VenueShowMap":false,"_VenueShowMapLink":false,"_price":"","_stock":"","_tribe_ticket_header":"1521","_tribe_default_ticket_provider":"TEC\\Tickets\\Commerce\\Module","_tribe_ticket_capacity":"0","_ticket_start_date":"","_ticket_end_date":"","_tribe_ticket_show_description":"","_tribe_ticket_show_not_going":false,"_tribe_ticket_use_global_stock":"","_tribe_ticket_global_stock_level":"","_global_stock_mode":"","_global_stock_cap":"","_tribe_rsvp_for_event":"","_tribe_ticket_going_count":"","_tribe_ticket_not_going_count":"","_tribe_tickets_list":"[{\"id\":1452,\"type\":\"default\",\"title\":\"\\u0160tudijski filmi iz Cetinja\",\"description\":\"\",\"capacityType\":\"own\",\"price\":\"0\",\"capacity\":90,\"available\":70,\"sharedCapacity\":90,\"sold\":20,\"shareSold\":20,\"isShared\":false,\"currencyDecimalPoint\":\".\",\"currencyNumberOfDecimals\":2,\"currencyPosition\":\"prefix\",\"currencySymbol\":\"$\",\"currencyThousandsSep\":\",\"}]","_tribe_ticket_has_attendee_info_fields":false,"cybocfi_hide_featured_image":"","_tribe_events_status":"","_tribe_events_status_reason":"","footnotes":"","_tec_slr_enabled":"","_tec_slr_layout":"","_links_to":"","_links_to_target":""},"tags":[],"tribe_events_cat":[15],"class_list":["post-1321","tribe_events","type-tribe_events","status-publish","hentry","tribe_events_cat-film-in-televizija","cat_film-in-televizija"],"ticketed":["tc"],"_links":{"self":[{"href":"https:\/\/www.agrft.uni-lj.si\/festival\/wp-json\/wp\/v2\/tribe_events\/1321","targetHints":{"allow":["GET"]}}],"collection":[{"href":"https:\/\/www.agrft.uni-lj.si\/festival\/wp-json\/wp\/v2\/tribe_events"}],"about":[{"href":"https:\/\/www.agrft.uni-lj.si\/festival\/wp-json\/wp\/v2\/types\/tribe_events"}],"author":[{"embeddable":true,"href":"https:\/\/www.agrft.uni-lj.si\/festival\/wp-json\/wp\/v2\/users\/17"}],"version-history":[{"count":7,"href":"https:\/\/www.agrft.uni-lj.si\/festival\/wp-json\/wp\/v2\/tribe_events\/1321\/revisions"}],"predecessor-version":[{"id":2759,"href":"https:\/\/www.agrft.uni-lj.si\/festival\/wp-json\/wp\/v2\/tribe_events\/1321\/revisions\/2759"}],"wp:attachment":[{"href":"https:\/\/www.agrft.uni-lj.si\/festival\/wp-json\/wp\/v2\/media?parent=1321"}],"wp:term":[{"taxonomy":"post_tag","embeddable":true,"href":"https:\/\/www.agrft.uni-lj.si\/festival\/wp-json\/wp\/v2\/tags?post=1321"},{"taxonomy":"tribe_events_cat","embeddable":true,"href":"https:\/\/www.agrft.uni-lj.si\/festival\/wp-json\/wp\/v2\/tribe_events_cat?post=1321"}],"curies":[{"name":"wp","href":"https:\/\/api.w.org\/{rel}","templated":true}]}}