{"id":1329,"date":"2025-09-15T13:55:44","date_gmt":"2025-09-15T11:55:44","guid":{"rendered":"https:\/\/www.agrft.uni-lj.si\/festival\/?post_type=tribe_events&#038;p=1329"},"modified":"2025-09-26T12:32:10","modified_gmt":"2025-09-26T10:32:10","slug":"televizijske-drame-agrft","status":"publish","type":"tribe_events","link":"https:\/\/www.agrft.uni-lj.si\/festival\/dogodek\/televizijske-drame-agrft\/","title":{"rendered":"Televizijske drame AGRFT"},"content":{"rendered":"<p><i><span style=\"font-weight: 400\">Univerza v Ljubljani, Akademija za gledali\u0161\u010de, radio, film in televizijo<\/span><\/i><\/p>\n<p>&nbsp;<\/p>\n<p><b>Leto nastanka: <\/b><span style=\"font-weight: 400\">2025<\/span><\/p>\n<p><b>Trajanje: <\/b><span style=\"font-weight: 400\">67 min<\/span><\/p>\n<p><b>Jezik: <\/b><span style=\"font-weight: 400\">sloven\u0161\u010dina in bosan\u0161\u010dina<\/span><\/p>\n<p>&nbsp;<\/p>\n<p><span style=\"font-weight: 400\">Sklop televizijskih dram razpira raznolik in pretresljiv spekter \u010dlove\u0161kih stisk ter dru\u017ebenih premikov. <\/span><span style=\"font-weight: 400\">Od vojne realnosti in prisilnih selitev do intimnih izdaj, prikritih \u017eelja in nepri\u010dakovanih zavezni\u0161tev \u2013 <\/span><span style=\"font-weight: 400\">vsaka izmed zgodb odstira svojstven svet, v katerem je meja med zasebnim in javnim nenehno na <\/span><span style=\"font-weight: 400\">preizku\u0161nji. Protagonisti teh dram so postavljeni pred okoli\u0161\u010dine, ki zahtevajo pogum, odlo\u010dnost in <\/span><span style=\"font-weight: 400\">iskreno soo\u010denje s samim seboj.<\/span><\/p>\n<p><i><span style=\"font-weight: 400\">Projekciji sledi pogovor z avtorji.<\/span><\/i><\/p>\n<p>&nbsp;<\/p>\n<p><b>VDOVEC<\/b><\/p>\n<p><b>22 min<\/b><\/p>\n<p><span style=\"font-weight: 400\">Zakonca \u0160pela in Primo\u017e se zapleteta v igro la\u017ei, ko \u0160pela pod la\u017enim Facebook profilom za\u010dne klepetati z mo\u017eem, kar ju prisili v soo\u010denje z resnico.<\/span><\/p>\n<p><span style=\"font-weight: 400\">Re\u017eiser: Vuka\u0161in Stepan\u010di\u0107\u00a0<\/span><\/p>\n<p><span style=\"font-weight: 400\">Monta\u017eerka: Nika Dobov\u0161ek\u00a0<\/span><\/p>\n<p><img loading=\"lazy\" decoding=\"async\" class=\"alignnone size-medium wp-image-1547\" src=\"https:\/\/www.agrft.uni-lj.si\/festival\/wp-content\/uploads\/sites\/4\/2025\/09\/Vdovec_AGRFT-TV-DRAME-1-300x195.png\" alt=\"\" width=\"300\" height=\"195\" srcset=\"https:\/\/www.agrft.uni-lj.si\/festival\/wp-content\/uploads\/sites\/4\/2025\/09\/Vdovec_AGRFT-TV-DRAME-1-300x195.png 300w, https:\/\/www.agrft.uni-lj.si\/festival\/wp-content\/uploads\/sites\/4\/2025\/09\/Vdovec_AGRFT-TV-DRAME-1-1024x665.png 1024w, https:\/\/www.agrft.uni-lj.si\/festival\/wp-content\/uploads\/sites\/4\/2025\/09\/Vdovec_AGRFT-TV-DRAME-1-768x499.png 768w, https:\/\/www.agrft.uni-lj.si\/festival\/wp-content\/uploads\/sites\/4\/2025\/09\/Vdovec_AGRFT-TV-DRAME-1-1536x998.png 1536w, https:\/\/www.agrft.uni-lj.si\/festival\/wp-content\/uploads\/sites\/4\/2025\/09\/Vdovec_AGRFT-TV-DRAME-1-2048x1330.png 2048w, https:\/\/www.agrft.uni-lj.si\/festival\/wp-content\/uploads\/sites\/4\/2025\/09\/Vdovec_AGRFT-TV-DRAME-1-500x325.png 500w, https:\/\/www.agrft.uni-lj.si\/festival\/wp-content\/uploads\/sites\/4\/2025\/09\/Vdovec_AGRFT-TV-DRAME-1-800x520.png 800w, https:\/\/www.agrft.uni-lj.si\/festival\/wp-content\/uploads\/sites\/4\/2025\/09\/Vdovec_AGRFT-TV-DRAME-1-1280x831.png 1280w, https:\/\/www.agrft.uni-lj.si\/festival\/wp-content\/uploads\/sites\/4\/2025\/09\/Vdovec_AGRFT-TV-DRAME-1-1920x1247.png 1920w\" sizes=\"auto, (max-width: 300px) 100vw, 300px\" \/><\/p>\n<p><b>BUJENJE<\/b><\/p>\n<p><b>14 min<\/b><\/p>\n<p><span style=\"font-weight: 400\">Scenarij, zasnovan po literarni predlogi Miljenka Jergovi\u0107a, se odvija med obleganjem Sarajeva leta 1993. Dru\u017eina v napetem pri\u010dakovanju \u010daka, da se sin Davor vrne, potem ko se je zjutraj odpravil iskat vodo. Esad in Dika si prizadevata ohraniti videz vsakdanjosti, medtem ko h\u010di Senka tiho tone v obup in sku\u0161a skrivoma narediti splav. Z minevanjem dneva raste napetost, jutranja svetloba pa razkrije posledice, ki jih pu\u0161\u010da vojna travma.<\/span><\/p>\n<p>&nbsp;<\/p>\n<p><span style=\"font-weight: 400\">Re\u017eiser: Emanuel Krajnc\u00a0<\/span><\/p>\n<p><span style=\"font-weight: 400\">Monta\u017eerka: Nika Dobov\u0161ek\u00a0<\/span><\/p>\n<p><img loading=\"lazy\" decoding=\"async\" class=\"alignnone size-medium wp-image-1544\" src=\"https:\/\/www.agrft.uni-lj.si\/festival\/wp-content\/uploads\/sites\/4\/2025\/09\/Bujenje_AGRFT-TV-DRAME-1-300x169.png\" alt=\"\" width=\"300\" height=\"169\" srcset=\"https:\/\/www.agrft.uni-lj.si\/festival\/wp-content\/uploads\/sites\/4\/2025\/09\/Bujenje_AGRFT-TV-DRAME-1-300x169.png 300w, https:\/\/www.agrft.uni-lj.si\/festival\/wp-content\/uploads\/sites\/4\/2025\/09\/Bujenje_AGRFT-TV-DRAME-1-1024x576.png 1024w, https:\/\/www.agrft.uni-lj.si\/festival\/wp-content\/uploads\/sites\/4\/2025\/09\/Bujenje_AGRFT-TV-DRAME-1-768x432.png 768w, https:\/\/www.agrft.uni-lj.si\/festival\/wp-content\/uploads\/sites\/4\/2025\/09\/Bujenje_AGRFT-TV-DRAME-1-1536x864.png 1536w, https:\/\/www.agrft.uni-lj.si\/festival\/wp-content\/uploads\/sites\/4\/2025\/09\/Bujenje_AGRFT-TV-DRAME-1-500x281.png 500w, https:\/\/www.agrft.uni-lj.si\/festival\/wp-content\/uploads\/sites\/4\/2025\/09\/Bujenje_AGRFT-TV-DRAME-1-800x450.png 800w, https:\/\/www.agrft.uni-lj.si\/festival\/wp-content\/uploads\/sites\/4\/2025\/09\/Bujenje_AGRFT-TV-DRAME-1-1280x720.png 1280w, https:\/\/www.agrft.uni-lj.si\/festival\/wp-content\/uploads\/sites\/4\/2025\/09\/Bujenje_AGRFT-TV-DRAME-1.png 1920w\" sizes=\"auto, (max-width: 300px) 100vw, 300px\" \/><\/p>\n<p><b>NIKOMUR NE POVEJ<\/b><\/p>\n<p><b>18 min<\/b><\/p>\n<p><span style=\"font-weight: 400\">\u0160tirje neznanci med sne\u017enim mete\u017eem skupaj obti\u010dijo v avtomobilu. Ujetost in neskon\u010dno \u010dakanje jih kmalu privedeta do pripovedovanja najglobljih skrivnosti.<\/span><\/p>\n<p>&nbsp;<\/p>\n<p><span style=\"font-weight: 400\">Re\u017eiserka: Ema Pa\u0161<\/span><\/p>\n<p><span style=\"font-weight: 400\">Monta\u017eer: Lenart Su\u0161nik\u00a0<\/span><\/p>\n<p><img loading=\"lazy\" decoding=\"async\" class=\"alignnone size-medium wp-image-1545\" src=\"https:\/\/www.agrft.uni-lj.si\/festival\/wp-content\/uploads\/sites\/4\/2025\/09\/NikomurNePovej_AGRFT-TV-DRAME-1-300x169.jpg\" alt=\"\" width=\"300\" height=\"169\" srcset=\"https:\/\/www.agrft.uni-lj.si\/festival\/wp-content\/uploads\/sites\/4\/2025\/09\/NikomurNePovej_AGRFT-TV-DRAME-1-300x169.jpg 300w, https:\/\/www.agrft.uni-lj.si\/festival\/wp-content\/uploads\/sites\/4\/2025\/09\/NikomurNePovej_AGRFT-TV-DRAME-1-1024x576.jpg 1024w, https:\/\/www.agrft.uni-lj.si\/festival\/wp-content\/uploads\/sites\/4\/2025\/09\/NikomurNePovej_AGRFT-TV-DRAME-1-768x432.jpg 768w, https:\/\/www.agrft.uni-lj.si\/festival\/wp-content\/uploads\/sites\/4\/2025\/09\/NikomurNePovej_AGRFT-TV-DRAME-1-1536x864.jpg 1536w, https:\/\/www.agrft.uni-lj.si\/festival\/wp-content\/uploads\/sites\/4\/2025\/09\/NikomurNePovej_AGRFT-TV-DRAME-1-500x281.jpg 500w, https:\/\/www.agrft.uni-lj.si\/festival\/wp-content\/uploads\/sites\/4\/2025\/09\/NikomurNePovej_AGRFT-TV-DRAME-1-800x450.jpg 800w, https:\/\/www.agrft.uni-lj.si\/festival\/wp-content\/uploads\/sites\/4\/2025\/09\/NikomurNePovej_AGRFT-TV-DRAME-1-1280x720.jpg 1280w, https:\/\/www.agrft.uni-lj.si\/festival\/wp-content\/uploads\/sites\/4\/2025\/09\/NikomurNePovej_AGRFT-TV-DRAME-1.jpg 1920w\" sizes=\"auto, (max-width: 300px) 100vw, 300px\" \/><\/p>\n<p><b>PRI\u0160LEKI<\/b><\/p>\n<p><b>13 min<\/b><\/p>\n<p><span style=\"font-weight: 400\">Dru\u017eina Suljanovi\u0107 \u017eivi v podnajemni\u0161kem kletnem stanovanju v Mariboru. So izbrisani. Dru\u017eino sestavljajo mati Tajra, h\u010di Lejla, sin Alen in novorojenka Ema. Ker zamujajo z najemnino, jih lastnik Tone me\u010de iz stanovanja. Tajra prepri\u010da Lejlo, da se gre pogovorit s Tonetom, v upanju, da bi jim dovolil ostati.<\/span><\/p>\n<p>&nbsp;<\/p>\n<p><span style=\"font-weight: 400\">Re\u017eiser: Jure \u0160tern<\/span><\/p>\n<p><span style=\"font-weight: 400\">Direktor fotografije: Luka Pislak\u00a0<\/span><\/p>\n<p><span style=\"font-weight: 400\">Monta\u017eer: Jakob Vogrinec\u00a0<\/span><\/p>\n<p><img loading=\"lazy\" decoding=\"async\" class=\"alignnone size-medium wp-image-1546\" src=\"https:\/\/www.agrft.uni-lj.si\/festival\/wp-content\/uploads\/sites\/4\/2025\/09\/Prisleki_AGRFT-TV-DRAME-1.jpg-300x169.jpg\" alt=\"\" width=\"300\" height=\"169\" srcset=\"https:\/\/www.agrft.uni-lj.si\/festival\/wp-content\/uploads\/sites\/4\/2025\/09\/Prisleki_AGRFT-TV-DRAME-1.jpg-300x169.jpg 300w, https:\/\/www.agrft.uni-lj.si\/festival\/wp-content\/uploads\/sites\/4\/2025\/09\/Prisleki_AGRFT-TV-DRAME-1.jpg-1024x576.jpg 1024w, https:\/\/www.agrft.uni-lj.si\/festival\/wp-content\/uploads\/sites\/4\/2025\/09\/Prisleki_AGRFT-TV-DRAME-1.jpg-768x432.jpg 768w, https:\/\/www.agrft.uni-lj.si\/festival\/wp-content\/uploads\/sites\/4\/2025\/09\/Prisleki_AGRFT-TV-DRAME-1.jpg-1536x864.jpg 1536w, https:\/\/www.agrft.uni-lj.si\/festival\/wp-content\/uploads\/sites\/4\/2025\/09\/Prisleki_AGRFT-TV-DRAME-1.jpg-500x281.jpg 500w, https:\/\/www.agrft.uni-lj.si\/festival\/wp-content\/uploads\/sites\/4\/2025\/09\/Prisleki_AGRFT-TV-DRAME-1.jpg-800x450.jpg 800w, https:\/\/www.agrft.uni-lj.si\/festival\/wp-content\/uploads\/sites\/4\/2025\/09\/Prisleki_AGRFT-TV-DRAME-1.jpg-1280x720.jpg 1280w, https:\/\/www.agrft.uni-lj.si\/festival\/wp-content\/uploads\/sites\/4\/2025\/09\/Prisleki_AGRFT-TV-DRAME-1.jpg.jpg 1920w\" sizes=\"auto, (max-width: 300px) 100vw, 300px\" \/><\/p>\n<p>&nbsp;<\/p>\n<p><strong>Ob rezervaciji vstopnic lahko pride do te\u017eav s po\u0161iljanjem le-teh preko elektronske po\u0161te naslovom v gmail domeni. \u010ce je mo\u017eno Vas prosimo, da ob rezervacioji navedete elektronski naslov v drugi domeni. \u010ce vstopnic ne prejmete na elektronski naslov in ste rezervacijo dokon\u010dali, je ta veljavna in vstopnice so shranjene.\u00a0<\/strong><\/p>\n","protected":false},"excerpt":{"rendered":"<p>Univerza v Ljubljani, Akademija za gledali\u0161\u010de, radio, film in televizijo &nbsp; Leto nastanka: 2025 Trajanje: 67 min Jezik: sloven\u0161\u010dina in bosan\u0161\u010dina &nbsp; Sklop televizijskih dram razpira raznolik in pretresljiv spekter [&hellip;]<\/p>\n","protected":false},"author":17,"featured_media":0,"template":"","meta":{"_EventAllDay":false,"_EventTimezone":"Europe\/Ljubljana","_EventStartDate":"2025-10-04 19:30:00","_EventEndDate":"2025-10-04 21:00:00","_EventStartDateUTC":"2025-10-04 17:30:00","_EventEndDateUTC":"2025-10-04 19:00:00","_EventShowMap":false,"_EventShowMapLink":true,"_EventURL":"","_EventCost":"0","_EventCostDescription":"","_EventCurrencySymbol":"","_EventCurrencyCode":"","_EventCurrencyPosition":"","_EventDateTimeSeparator":"","_EventTimeRangeSeparator":"","_EventOrganizerID":[74],"_EventVenueID":[1212],"_OrganizerEmail":"","_OrganizerPhone":"","_OrganizerWebsite":"","_VenueAddress":"","_VenueCity":"","_VenueCountry":"","_VenueProvince":"","_VenueState":"","_VenueZip":"","_VenuePhone":"","_VenueURL":"","_VenueStateProvince":"","_VenueLat":"","_VenueLng":"","_VenueShowMap":false,"_VenueShowMapLink":false,"_price":"","_stock":"","_tribe_ticket_header":"1544","_tribe_default_ticket_provider":"TEC\\Tickets\\Commerce\\Module","_tribe_ticket_capacity":"0","_ticket_start_date":"","_ticket_end_date":"","_tribe_ticket_show_description":"","_tribe_ticket_show_not_going":false,"_tribe_ticket_use_global_stock":"","_tribe_ticket_global_stock_level":"","_global_stock_mode":"","_global_stock_cap":"","_tribe_rsvp_for_event":"","_tribe_ticket_going_count":"","_tribe_ticket_not_going_count":"","_tribe_tickets_list":"[{\"id\":1423,\"type\":\"default\",\"title\":\"Televizijske drame AGRFT\",\"description\":\"\",\"capacityType\":\"own\",\"price\":\"0\",\"capacity\":90,\"available\":72,\"sharedCapacity\":90,\"sold\":18,\"shareSold\":18,\"isShared\":false,\"currencyDecimalPoint\":\".\",\"currencyNumberOfDecimals\":2,\"currencyPosition\":\"prefix\",\"currencySymbol\":\"$\",\"currencyThousandsSep\":\",\"}]","_tribe_ticket_has_attendee_info_fields":false,"cybocfi_hide_featured_image":"","_tribe_events_status":"","_tribe_events_status_reason":"","footnotes":"","_tec_slr_enabled":"","_tec_slr_layout":"","_links_to":"","_links_to_target":""},"tags":[],"tribe_events_cat":[15],"class_list":["post-1329","tribe_events","type-tribe_events","status-publish","hentry","tribe_events_cat-film-in-televizija","cat_film-in-televizija"],"ticketed":["tc"],"_links":{"self":[{"href":"https:\/\/www.agrft.uni-lj.si\/festival\/wp-json\/wp\/v2\/tribe_events\/1329","targetHints":{"allow":["GET"]}}],"collection":[{"href":"https:\/\/www.agrft.uni-lj.si\/festival\/wp-json\/wp\/v2\/tribe_events"}],"about":[{"href":"https:\/\/www.agrft.uni-lj.si\/festival\/wp-json\/wp\/v2\/types\/tribe_events"}],"author":[{"embeddable":true,"href":"https:\/\/www.agrft.uni-lj.si\/festival\/wp-json\/wp\/v2\/users\/17"}],"version-history":[{"count":11,"href":"https:\/\/www.agrft.uni-lj.si\/festival\/wp-json\/wp\/v2\/tribe_events\/1329\/revisions"}],"predecessor-version":[{"id":2748,"href":"https:\/\/www.agrft.uni-lj.si\/festival\/wp-json\/wp\/v2\/tribe_events\/1329\/revisions\/2748"}],"wp:attachment":[{"href":"https:\/\/www.agrft.uni-lj.si\/festival\/wp-json\/wp\/v2\/media?parent=1329"}],"wp:term":[{"taxonomy":"post_tag","embeddable":true,"href":"https:\/\/www.agrft.uni-lj.si\/festival\/wp-json\/wp\/v2\/tags?post=1329"},{"taxonomy":"tribe_events_cat","embeddable":true,"href":"https:\/\/www.agrft.uni-lj.si\/festival\/wp-json\/wp\/v2\/tribe_events_cat?post=1329"}],"curies":[{"name":"wp","href":"https:\/\/api.w.org\/{rel}","templated":true}]}}